{"id":97,"date":"2015-10-20T22:39:20","date_gmt":"2015-10-20T19:39:20","guid":{"rendered":"http:\/\/www.viro-instituutti.fi\/nippernaati\/?page_id=97"},"modified":"2015-10-23T12:00:47","modified_gmt":"2015-10-23T09:00:47","slug":"igor-kotjuh","status":"publish","type":"page","link":"https:\/\/www.viro-instituutti.fi\/nippernaati\/nippernaati-1\/igor-kotjuh\/","title":{"rendered":"Igor Kotjuh"},"content":{"rendered":"<div id=\"author-link\"><a href=\"#author\">Lue lis\u00e4\u00e4 kirjailijasta<\/a><\/div>\n<h2>Runoja<\/h2>\n<h4>Suomentanut Jukka Mallinen<\/h4>\n<p>Omituista miten t\u00e4m\u00e4 tai tuo ilmi\u00f6<br \/>\nsaa \u00e4kisti poliittisen vivahteen<br \/>\nn\u00e4ytt\u00e4isi no virolaiset no virossa<br \/>\nmutta voiko siit\u00e4 puhua no ja mit\u00e4<br \/>\noli 1600-luku kun ven\u00e4l\u00e4iset vanhauskoiset<br \/>\nasettuivat viroon peipsij\u00e4rven seuduille<br \/>\noli 1800-luku kun viron maarahvas<br \/>\nalkoi nimitt\u00e4\u00e4 itse\u00e4\u00e4n eestil\u00e4isiksi<br \/>\noli vuosi 1918 kun viro voitti ven\u00e4j\u00e4n<br \/>\nja julisti itsen\u00e4isyyden<br \/>\noli vuosi 1940 kun viro liitettiin neuvostoihin<br \/>\nja tasavallasta tuli osa imperiumia<br \/>\noli vuosi 1991 kun neuvostot palauttivat virolle<br \/>\nsen jo kerran hankkiman itsen\u00e4isyyden<br \/>\noli vuosi 2007 kun neuvostomuistomerkki<br \/>\nsiirrettiin tallinnassa keskustasta laitakaupungille<br \/>\nhistoria ei tunne konditionaalia<br \/>\nhistoria kaihtaa abstrakteja k\u00e4sitteit\u00e4<br \/>\npoliittisten keskustelujen ylil\u00e4mp\u00f6 tympii minua<br \/>\nen innostu pikaistuksissa esitetyist\u00e4 asiantuntijalausunnoista<br \/>\ntaistelua historian kent\u00e4ll\u00e4 k\u00e4y kollektiivinen peluri<br \/>\nja siin\u00e4 juuri piilee jekku<br \/>\nminun oma historiani solmiutuu heti kummankin<br \/>\npuolen paradigmaan \u2013 viron ja ven\u00e4j\u00e4n<br \/>\nsynnyin ja olen jo 30 vuotta el\u00e4nyt virossa<br \/>\njota pid\u00e4n ainoana is\u00e4nmaanani<br \/>\nsamalla ajattelen ja puhun ven\u00e4j\u00e4ksi<br \/>\njoka on \u00e4idinkieleni<br \/>\nsynnyinmaan ja \u00e4idinkielen v\u00e4lill\u00e4<br \/>\nvalitsen neutraliteetin<\/p>\n<p><img loading=\"lazy\" class=\"dots aligncenter wp-image-70 size-full\" src=\"http:\/\/www.viro-instituutti.fi\/nippernaati\/wp-content\/uploads\/2015\/10\/dots.png\" alt=\"dots\" width=\"102\" height=\"20\" srcset=\"https:\/\/www.viro-instituutti.fi\/nippernaati\/wp-content\/uploads\/2015\/10\/dots.png 102w, https:\/\/www.viro-instituutti.fi\/nippernaati\/wp-content\/uploads\/2015\/10\/dots-100x20.png 100w\" sizes=\"(max-width: 102px) 100vw, 102px\" \/><\/p>\n<p>Kevytmielist\u00e4, Jukka Malliselle<\/p>\n<p>Suomi \u2013 ep\u00e4tavallinen maa<br \/>\nRauhallinen, edistyksellinen, kyll\u00e4stetty.<br \/>\nT\u00e4\u00e4ll\u00e4 ilma ei ritise ideoista,<br \/>\nt\u00e4\u00e4ll\u00e4 ideat annetaan ilmapalloissa.<\/p>\n<p>Suomi on keskitien etsimist\u00e4<br \/>\nrunsauden ja vaatimattomuuden v\u00e4lill\u00e4.<br \/>\nKivill\u00e4 anteliaasti lasketut jalkak\u00e4yt\u00e4v\u00e4t ja kadut muistuttavat keittoa,<br \/>\njossa sakeus on vallitseva.<br \/>\nAjattelen t\u00e4t\u00e4 joka kerta kun satun Helsingin keskustaan.<\/p>\n<p>Oi armaat suomalaiset kaupungit \u2013<br \/>\nPorvoo Kotka Lahti\u2026<br \/>\nTeit\u00e4 on mahdotonta olla rakastamatta,<br \/>\nsill\u00e4 miten muuten suhtautua paikkaan,<br \/>\njossa kadun h\u00e4lin\u00e4 on yht\u00e4 siunattu<br \/>\nkuin on siunattu vastasyntyneen ensi huuto.<\/p>\n<p>Suomessa ihmisen on helppoa.<br \/>\nSuomessa ihmisen on helppoa olla ihminen.<br \/>\nSaapunut sattuu t\u00e4\u00e4ll\u00e4 \u201dnollapisteeseen\u201d.<br \/>\nVarmaan se juuri on vapautta.<\/p>\n<p>22. \u201323.3.2009 Helsinki<\/p>\n<p><img loading=\"lazy\" class=\"dots aligncenter wp-image-70 size-full\" src=\"http:\/\/www.viro-instituutti.fi\/nippernaati\/wp-content\/uploads\/2015\/10\/dots.png\" alt=\"dots\" width=\"102\" height=\"20\" srcset=\"https:\/\/www.viro-instituutti.fi\/nippernaati\/wp-content\/uploads\/2015\/10\/dots.png 102w, https:\/\/www.viro-instituutti.fi\/nippernaati\/wp-content\/uploads\/2015\/10\/dots-100x20.png 100w\" sizes=\"(max-width: 102px) 100vw, 102px\" \/><\/p>\n<p>metafysiikka alkaa perjantaina<br \/>\nkun lapsuudenyst\u00e4v\u00e4t\u00e4r<br \/>\nsaattaa sinua Kiovan\u2013Simferopolin-junaan<br \/>\nja muiskauttaa pehme\u00e4sti poskelle asemalaiturilla<br \/>\nolet matkalla kirjallisuusfestivaalille<br \/>\np\u00f6yd\u00e4ll\u00e4 kilisev\u00e4t<br \/>\nkylm\u00e4st\u00e4 hikoilevat pullot<br \/>\nmatkatoveritar menossa tytt\u00e4ren Marinan luokse<br \/>\nkysyy: miten teill\u00e4 siell\u00e4 Virossa<br \/>\neik\u00f6 ven\u00e4l\u00e4isi\u00e4 sorreta?<br \/>\nei sanon min\u00e4<br \/>\nja ajattelen iPadiani<br \/>\nlaukkuun k\u00e4tketty\u00e4<br \/>\nei sorreta<br \/>\njo kes\u00e4ll\u00e4 ven\u00e4l\u00e4iset varasivat<br \/>\nViron kaikki hotellit jouluksi<\/p>\n<p>daami istuu alalaverilla ja tekee yh\u00e4 uusia kysymyksi\u00e4<br \/>\niPad h\u00e4nen allaan haluaa sijoittaa itseens\u00e4 uusia runoja<br \/>\nkuka min\u00e4 olen?<br \/>\ntrubaduuri, joka saa iloa taiteesta<br \/>\netsii kohtaamista uusien laulujen, ihmisten ja katujen kanssa<\/p>\n<p>Virossa minua odottavat vaimo ja lapsoset<br \/>\n(lukijaa sepitt\u00e4\u00e4 mielell\u00e4\u00e4n el\u00e4m\u00e4kertaa kirjoittajalle)<br \/>\nhuoneisto ja n\u00e4k\u00f6ala merelle<br \/>\n(rakastan enemm\u00e4n j\u00e4rvi\u00e4, mutta se ei ole t\u00e4rke\u00e4\u00e4)<br \/>\nja jatkuva syventyminen omaan itseeni<\/p>\n<p>Viro, Viro\u2026<br \/>\ntytt\u00f6 jolla on ylpe\u00e4 k\u00e4ynti<br \/>\njoka t\u00e4hyilee milloin l\u00e4nteen, milloin pohjoiseen<br \/>\nmutta pystyy polkaisemaan jalallaan<br \/>\n\u201deli olet oma niin t\u00e4\u00e4ll\u00e4 kuin siell\u00e4kin\u201d<br \/>\nmatkatoverini huomauttaa<br \/>\nny\u00f6kk\u00e4\u00e4n vastaukseksi<br \/>\nminusta on mukava olla kaikkialla ulkomaalainen<\/p>\n<p>metafysiikka alkaa perjantaina<br \/>\nkun p\u00e4iv\u00e4 k\u00e4\u00e4ntyy illaksi<br \/>\nk\u00e4yt\u00e4v\u00e4ss\u00e4 kulkee vaunupalvelija<br \/>\nesitt\u00e4en maailmalle harmaahiuksisen poven<br \/>\nja h\u00e4nen paritoverittarensa<br \/>\njoka avaa oluen teelusikalla<\/p>\n<p>kurpitsa muuttuu vaunuiksi<br \/>\nKaurism\u00e4ki etsii Ranskassa Suomea<br \/>\nAllen l\u00f6yt\u00e4\u00e4 Pariisissa New Yorkin<br \/>\nravintolavaunu vie pois keskiy\u00f6h\u00f6n<\/p>\n<p>ajat valloittamaan Krimi\u00e4<br \/>\nik\u00e4\u00e4n kuin virolainen runoilija<br \/>\nvaikka kirjoitat ven\u00e4j\u00e4ksi<br \/>\nik\u00e4\u00e4n kuin ven\u00e4l\u00e4inen runoilija<br \/>\nvaikka et kirjoita loppusointuun<br \/>\nmatkustat j\u00e4niksen\u00e4 kondukt\u00f6\u00f6riosastossa<\/p>\n<p>puhelimeen tulee sms:<br \/>\najattele positiivisesti<br \/>\npaina OK<br \/>\nja lue anekdootteja<\/p>\n<h3 class=\"author\" id=\"author\">Igor Kotjuh<\/h3>\n<p>Igor Kotjuh (s. 1978 V\u00f5russa) ja opiskeli virolaista filologiaa Tartossa. H\u00e4n kertoo ymm\u00e4rt\u00e4neens\u00e4 vasta yliopistossa, ett\u00e4 viro on eri kieli kuin v\u00f5ru. H\u00e4nt\u00e4 pidet\u00e4\u00e4n vironven\u00e4l\u00e4isen\u00e4 kirjailijana, mutta oikeastaan h\u00e4net olisi luokiteltava V\u00f5run ukrainalaiseksi. H\u00e4n on runoilija, toimittaja, joka py\u00f6ritt\u00e4\u00e4 Kite-kustantamoa ja nettilehte\u00e4 <em>Vozdu\u0161nyj zmej<\/em>. Viron kirjailijaliiton hallituksen j\u00e4sen, Viron PENin varapuheenjohtaja. Saanut useita kirjallisuus- ja integraatiopalkintoja sek\u00e4 Valkoisen T\u00e4hden kunniamerkin. Kotjuhia on k\u00e4\u00e4nnetty seitsem\u00e4lle kielelle, suomeksi kokoelma <em>Yritys kumppanuudeksi<\/em> (Savukeidas 2010).<\/p>\n<p>Kotjuh aloitti yliopistossa ven\u00e4j\u00e4nt\u00e4m\u00e4ll\u00e4 virolaista runoutta, erityisesti ik\u00e4tovereitaan. H\u00e4n pit\u00e4\u00e4 etenkin kasettisukupolvesta. Viro-lainen \u00e4\u00e4nenavaus on tunnustetusti antanut h\u00e4nelle aivan uudenlaisen \u00e4\u00e4nen koko ven\u00e4j\u00e4nkielisen runouden mittakaavassa. Vapaamittainen proosallisuus, arkisuus, kollaasi merkitsev\u00e4t kielt\u00e4ytymist\u00e4 suuren kertomuksen pateettisuudesta, symbolisesta ja melodisesta manipulaatiosta. T\u00e4t\u00e4 uutta alkua, ensimm\u00e4isi\u00e4 sanoja s\u00e4rvitt\u00e4\u00e4 naivismi ja ilkikurisuus, eleett\u00f6myys ja aurinkoinen sarkasmi. Ajatuksen yll\u00e4tt\u00e4v\u00e4 ilkikurinen liike etenee kuitenkin humanismiin, kulttuurin ja identiteetin syvimpiin kysymyksiin. Politiikan ja joukkotiedotuksen paineissa runoilija varjelee ajatuksensa ja kokemuksensa aitoutta ja vapautta.<\/p>\n<h5>Jukka Mallinen<\/h5>\n","protected":false},"excerpt":{"rendered":"<p>Lue lis\u00e4\u00e4 kirjailijasta Runoja Suomentanut Jukka Mallinen Omituista miten t\u00e4m\u00e4 tai tuo ilmi\u00f6 saa \u00e4kisti poliittisen vivahteen n\u00e4ytt\u00e4isi no virolaiset no virossa mutta voiko siit\u00e4 puhua no ja mit\u00e4 oli 1600-luku kun ven\u00e4l\u00e4iset vanhauskoiset asettuivat viroon peipsij\u00e4rven seuduille oli 1800-luku kun viron maarahvas alkoi nimitt\u00e4\u00e4 itse\u00e4\u00e4n eestil\u00e4isiksi oli vuosi 1918 kun viro voitti ven\u00e4j\u00e4n ja julisti itsen\u00e4isyyden oli vuosi 1940 &#8230;<\/p>\n","protected":false},"author":1,"featured_media":0,"parent":40,"menu_order":6,"comment_status":"closed","ping_status":"closed","template":"","meta":{"inline_featured_image":false},"jetpack_sharing_enabled":true,"_links":{"self":[{"href":"https:\/\/www.viro-instituutti.fi\/nippernaati\/wp-json\/wp\/v2\/pages\/97"}],"collection":[{"href":"https:\/\/www.viro-instituutti.fi\/nippernaati\/wp-json\/wp\/v2\/pages"}],"about":[{"href":"https:\/\/www.viro-instituutti.fi\/nippernaati\/wp-json\/wp\/v2\/types\/page"}],"author":[{"embeddable":true,"href":"https:\/\/www.viro-instituutti.fi\/nippernaati\/wp-json\/wp\/v2\/users\/1"}],"replies":[{"embeddable":true,"href":"https:\/\/www.viro-instituutti.fi\/nippernaati\/wp-json\/wp\/v2\/comments?post=97"}],"version-history":[{"count":5,"href":"https:\/\/www.viro-instituutti.fi\/nippernaati\/wp-json\/wp\/v2\/pages\/97\/revisions"}],"predecessor-version":[{"id":267,"href":"https:\/\/www.viro-instituutti.fi\/nippernaati\/wp-json\/wp\/v2\/pages\/97\/revisions\/267"}],"up":[{"embeddable":true,"href":"https:\/\/www.viro-instituutti.fi\/nippernaati\/wp-json\/wp\/v2\/pages\/40"}],"wp:attachment":[{"href":"https:\/\/www.viro-instituutti.fi\/nippernaati\/wp-json\/wp\/v2\/media?parent=97"}],"curies":[{"name":"wp","href":"https:\/\/api.w.org\/{rel}","templated":true}]}}